{"id":2579,"date":"2022-03-25T22:06:11","date_gmt":"2022-03-25T21:06:11","guid":{"rendered":"https:\/\/www.e-teczowakraina.pl\/?post_type=events&#038;p=2579"},"modified":"2022-03-29T15:12:37","modified_gmt":"2022-03-29T13:12:37","slug":"wycieczka","status":"publish","type":"events","link":"https:\/\/www.e-teczowakraina.pl\/index.php\/school-events\/wycieczka\/","title":{"rendered":"Wycieczka! :)"},"content":{"rendered":"<h2 style=\"text-align: center;\"><span class=\"tojvnm2t a6sixzi8 abs2jz4q a8s20v7p t1p8iaqh k5wvi7nf q3lfd5jv pk4s997a bipmatt0 cebpdrjk qowsmv63 owwhemhu dp1hu0rb dhp61c6y iyyx5f41\">Drodzy Rodzice!<\/span><\/h2>\n<p style=\"text-align: center;\"><span class=\"tojvnm2t a6sixzi8 abs2jz4q a8s20v7p t1p8iaqh k5wvi7nf q3lfd5jv pk4s997a bipmatt0 cebpdrjk qowsmv63 owwhemhu dp1hu0rb dhp61c6y iyyx5f41\"><br \/>\nUprzejmie informujemy, \u017ce w dniu 31\/03 (tj. czwartek)<br \/>\n<\/span><span class=\"tojvnm2t a6sixzi8 abs2jz4q a8s20v7p t1p8iaqh k5wvi7nf q3lfd5jv pk4s997a bipmatt0 cebpdrjk qowsmv63 owwhemhu dp1hu0rb dhp61c6y iyyx5f41\">odb\u0119dzie si\u0119 wycieczka do Muzeum fauny i flory w Jaworzu. <\/span><\/p>\n<p style=\"text-align: center;\"><span class=\"tojvnm2t a6sixzi8 abs2jz4q a8s20v7p t1p8iaqh k5wvi7nf q3lfd5jv pk4s997a bipmatt0 cebpdrjk qowsmv63 owwhemhu dp1hu0rb dhp61c6y iyyx5f41\">Planowana godz wyjazdu: 10: 20<br \/>\n<\/span><span class=\"tojvnm2t a6sixzi8 abs2jz4q a8s20v7p t1p8iaqh k5wvi7nf q3lfd5jv pk4s997a bipmatt0 cebpdrjk qowsmv63 owwhemhu dp1hu0rb dhp61c6y iyyx5f41\">Planowana godz powrotu 13:30<br \/>\nKoszt: 21 z\u0142 <\/span><\/p>\n<p style=\"text-align: center;\"><span class=\"tojvnm2t a6sixzi8 abs2jz4q a8s20v7p t1p8iaqh k5wvi7nf q3lfd5jv pk4s997a bipmatt0 cebpdrjk qowsmv63 owwhemhu dp1hu0rb dhp61c6y iyyx5f41\">W zwi\u0105zku z powy\u017cszym w tym dniu dzieci nie b\u0119d\u0105 jad\u0142y w przedszkolu obiadu i podwieczorku. Prosimy wi\u0119c o zaopatrzenie ka\u017cdego przedszkolaka w wygodny i dopasowany plecak (nie worek), wod\u0119, kanapki, zdrowe przek\u0105ski, owoc ( za wyj\u0105tkiem banana) w ramach obiadu i podwieczorku. <\/span><\/p>\n<p style=\"text-align: center;\"><span class=\"tojvnm2t a6sixzi8 abs2jz4q a8s20v7p t1p8iaqh k5wvi7nf q3lfd5jv pk4s997a bipmatt0 cebpdrjk qowsmv63 owwhemhu dp1hu0rb dhp61c6y iyyx5f41\">Osoby zainteresowane prosimy o wype\u0142nienie w przedszkolu odpowiednich dokument\u00f3w oraz dokonanie wp\u0142aty do dnia 25 marca. W zwiazku z tym, ze wycieczka jest organizowana dla ca\u0142ego przedszkola, osoby, kt\u00f3rych dzieci nie b\u0119d\u0105 uczestniczy\u0142y w wycieczce prosimy o zorganizowanie w tym dniu opieki nad dzie\u0107mi we w\u0142asnym zakresie.<\/span><\/p>\n<p>&nbsp;<\/p>\n<p><img loading=\"lazy\" class=\"size-medium wp-image-2580\" src=\"https:\/\/www.e-teczowakraina.pl\/wp-content\/uploads\/2022\/03\/bus-with-an-inscription-london-tour-cartoon-vector-25160009-300x227.jpg\" alt=\"\" width=\"300\" height=\"227\" srcset=\"https:\/\/www.e-teczowakraina.pl\/wp-content\/uploads\/2022\/03\/bus-with-an-inscription-london-tour-cartoon-vector-25160009-300x227.jpg 300w, https:\/\/www.e-teczowakraina.pl\/wp-content\/uploads\/2022\/03\/bus-with-an-inscription-london-tour-cartoon-vector-25160009-768x581.jpg 768w, https:\/\/www.e-teczowakraina.pl\/wp-content\/uploads\/2022\/03\/bus-with-an-inscription-london-tour-cartoon-vector-25160009.jpg 927w\" sizes=\"(max-width: 300px) 100vw, 300px\" \/><\/p>\n","protected":false},"excerpt":{"rendered":"<p>Drodzy Rodzice! Uprzejmie informujemy, \u017ce w dniu 31\/03 (tj. czwartek) odb\u0119dzie si\u0119 wycieczka do Muzeum fauny i flory w Jaworzu. Planowana godz wyjazdu: 10: 20 Planowana godz powrotu 13:30 Koszt: 21 z\u0142 W zwi\u0105zku z powy\u017cszym w tym dniu dzieci nie b\u0119d\u0105 jad\u0142y w przedszkolu obiadu i podwieczorku. Prosimy wi\u0119c [&hellip;]<\/p>\n","protected":false},"featured_media":0,"comment_status":"open","ping_status":"closed","template":"","meta":[],"_links":{"self":[{"href":"https:\/\/www.e-teczowakraina.pl\/index.php\/wp-json\/wp\/v2\/events\/2579"}],"collection":[{"href":"https:\/\/www.e-teczowakraina.pl\/index.php\/wp-json\/wp\/v2\/events"}],"about":[{"href":"https:\/\/www.e-teczowakraina.pl\/index.php\/wp-json\/wp\/v2\/types\/events"}],"replies":[{"embeddable":true,"href":"https:\/\/www.e-teczowakraina.pl\/index.php\/wp-json\/wp\/v2\/comments?post=2579"}],"wp:attachment":[{"href":"https:\/\/www.e-teczowakraina.pl\/index.php\/wp-json\/wp\/v2\/media?parent=2579"}],"curies":[{"name":"wp","href":"https:\/\/api.w.org\/{rel}","templated":true}]}}