{"id":1028,"date":"2016-02-14T11:40:31","date_gmt":"2016-02-14T10:40:31","guid":{"rendered":"http:\/\/kidsworld.premiumthemes.in\/?page_id=1028"},"modified":"2026-02-24T16:17:59","modified_gmt":"2026-02-24T15:17:59","slug":"o-nas","status":"publish","type":"page","link":"https:\/\/www.e-teczowakraina.pl\/index.php\/o-nas\/","title":{"rendered":"O Nas"},"content":{"rendered":"<p>&nbsp;<\/p>\n[vc_row][vc_column]<div   >\n\t\t\t\t\t\t<div class=\"swmsc_container\">\n\t\t\t\t\t\t\t[vc_row_inner][vc_column_inner]<div  class=\"swmsc_fancy_heading swmsc_fancy_heading_center fh_icon_star\" style=\"margin-top:0;margin-bottom:60px;\">\n\t\t\t\t\t\t<div class=\"swmsc_fancy_heading_text\" style=\"font-size:30px;line-height:36px;\">\n\t\t\t\t\t\t\t<span style=\"color: #8373ce;\"><strong>Kim jeste\u015bmy?<\/strong><\/span>\n\t\t\t\t\t\t\t<div class=\"swmsc_fancy_heading_border\">\n\t\t\t\t\t\t\t\t<span class=\"swmsc_fancy_heading_border1\" style=\"background:#f8b54d;\"><\/span>\n\t\t\t\t\t\t\t\t<span class=\"swmsc_fancy_heading_border2\" style=\"background:#f8b54d;\"><\/span>\n\t\t\t\t\t\t\t\t<span class=\"swmsc_fancy_heading_icon\"><i class=\"fa fa-star\"  style=\"color:#8373ce;\"><\/i><\/span>\n\t\t\t\t\t\t\t<\/div>\n\t\t\t\t\t\t<\/div>\n\t\t\t\t\t<\/div>[\/vc_column_inner][\/vc_row_inner][vc_row_inner][vc_column_inner width=&#8221;1\/2&#8243; css=&#8221;.vc_custom_1459694804581{padding-bottom: 30px !important;}&#8221;]<div  class=\"swmsc_slider_box\" >\n\t\t\t\t\t\t<div class=\"swmsc_image_slider flexslider\" data-slideAnimation=\"fade\" data-autoSlide=\"true\" data-autoSlideInterval=\"5000\" data-bulletNavigation=\"true\" data-arrowNavigation=\"true\" >\n\t\t\t\t\t\t\t<ul class=\"slides\">\n\t\t\t\t\t\t\t\t<li><a href=\"#\" target=\"_self\"><img src=\"https:\/\/www.e-teczowakraina.pl\/wp-content\/uploads\/2020\/10\/20200213_153632-scaled.jpg\" alt=\"\" \/><\/a><\/li><li><a href=\"#\" target=\"_self\"><img src=\"https:\/\/www.e-teczowakraina.pl\/wp-content\/uploads\/2020\/10\/20200213_154159-scaled.jpg\" alt=\"\" \/><\/a><\/li><li><a href=\"#\" target=\"_self\"><img src=\"https:\/\/www.e-teczowakraina.pl\/wp-content\/uploads\/2020\/10\/20200213_165627-scaled.jpg\" alt=\"\" \/><\/a><\/li>\n\t\t\t\t\t\t\t<\/ul>\n\t\t\t\t\t\t<\/div>\n\t\t\t\t\t<\/div>[\/vc_column_inner][vc_column_inner width=&#8221;1\/2&#8243; css=&#8221;.vc_custom_1459694811068{padding-bottom: 30px !important;}&#8221;]<div  class=\"swmsc_text_block\" > \n<p>&nbsp;<\/p>\n<p>&nbsp;<\/p>\n<div data-canvas-width=\"126.91199999999999\">Drogi Rodzicu,<\/div>\n<div data-canvas-width=\"126.91199999999999\"><\/div>\n<div data-canvas-width=\"578.3893333333331\">Pierwszy czerwca, to dla ka\u017cdego dziecka szczeg\u00f3lny dzie\u0144, dla nas te\u017c jest to dzie\u0144 wyj\u0105tkowy, bo w\u0142a\u015bnie 1 czerwca 2023 r. przej\u0119li\u015bmy przedszkole j\u0119zykowo- artystyczne, T\u0119czowa Kraina. W tym pi\u0119knym, przytulnym miejscu, otoczonym natur\u0105 tworzymy Akademi\u0119 Dobrego M\u00f3wcy, nasza koncepcja pracy z dzie\u0107mi wynika z wieloletniego do\u015bwiadczenia zawodowego.<\/div>\n<div data-canvas-width=\"579.4773333333335\">Oboje jeste\u015bmy pedagogami pracuj\u0105cymi nad rozwojem werbalnym. M\u0105\u017c, Tomasz Brawa\u0144ski jest do\u015bwiadczonym logoped\u0105 i neurologoped\u0105, specjalizuje si\u0119 w pracy nad p\u0142ynno\u015bci\u0105 mowy, by\u0142 wieloletnim wyk\u0142adowc\u0105 na Uniwersytecie \u015al\u0105skim w Katowicach, jest praktykiem z du\u017cym do\u015bwiadczeniem w pracy z dzie\u0107mi w wieku przedszkolnym. Ja, Aleksandra Brawa\u0144ska od dwudziestu o\u015bmiu lat jestem nauczycielem j\u0119zyka angielskiego, prowadz\u0105c zaj\u0119cia z dzie\u0107mi, r\u00f3wnie\u017c w wieku przedszkolnym jak i nastolatkami i doros\u0142ymi.<\/div>\n<div data-canvas-width=\"579.4773333333335\"><\/div>\n<div data-canvas-width=\"514.5813333333333\">W \u015bwiecie multimedi\u00f3w coraz rzadziej zwracamy uwag\u0119 na poprawno\u015b\u0107 wypowiedzi, tempo mowy, akcent, czy dob\u00f3r s\u0142\u00f3w, jest to jednak istotny element naszego \u017cycia. Dobry m\u00f3wca odnosi sukcesy w ka\u017cdej dziedzinie, jest postrzegany jako cz\u0142owiek szcz\u0119\u015bliwy, spe\u0142niony i szanowany. Wiek przedszkolny to najlepszy czas aby rozpocz\u0105\u0107 kszta\u0142towanie u dzieci cech dobrego m\u00f3wcy, w spos\u00f3b naturalny, zabawowy b\u0119dziemy kszta\u0142ci\u0107 t\u0119 umiej\u0119tno\u015b\u0107, wykorzystuj\u0105c taniec, zaj\u0119cia artystyczne, sportowe, nauk\u0119 j\u0119zyk\u00f3w obcych jak r\u00f3wnie\u017c zapewniaj\u0105c dzieciom harmonijny rozw\u00f3j pod opiek\u0105 specjalist\u00f3w: <strong>psycholog\u00f3w<\/strong>, <strong>pedagog\u00f3w<\/strong>, <strong>logoped\u00f3w<\/strong> i <strong>rehabilitant\u00f3w<\/strong>.<\/div>\n<p>&nbsp;<\/p>\n<p>&nbsp;<\/p>\n<p style=\"text-align: left;\"><strong>T\u0119czowa Kraina<\/strong> to przytulne przedszkole z dwoma oddzia\u0142ami:<br \/>\ngrup\u0105 dzieci m\u0142odszych i grup\u0105 dzieci starszych.<\/p>\n<p style=\"text-align: left;\">Gwarantujemy edukacj\u0119 i opiek\u0119 na najwy\u017cszym poziomie.<\/p>\n<p style=\"text-align: left;\"><u>Ciep\u0142a i rodzinna\u00a0atmosfera<\/u>, to wyr\u00f3\u017cnik naszego Przedszkola. Naszym celem jest stworzenie <u>przyjaznej, rodzinnej atmosfery<\/u>, zapewniaj\u0105cej dzieciom jak najlepsze warunki do wszechstronnego rozwoju w poczuciu bezpiecze\u0144stwa i akceptacji.<\/p>\n<p style=\"text-align: left;\">W codziennej pracy k\u0142adziemy nacisk przede wszystkim na wzbudzenie w dzieciach <u>ciekawo\u015bci \u015bwiata<\/u>, <u>poznawania\u00a0 rzeczy nowych<\/u> i <u>nieznanych<\/u>. Zapewniamy ciekawy program, dzi\u0119ki kt\u00f3remu Pa\u0144stwa dzieci zdobywaj\u0105 w niewymuszony spos\u00f3b <strong>wiedz\u0119 i umiej\u0119tno\u015bci<\/strong> stanowi\u0105ce podwaliny nie tylko dla nauki w<u> szkole, ale i doros\u0142ego \u017cycia<\/u>. Nauczanie i pokazywanie tolerancji oraz wsp\u00f3\u0142\u017cycia w grupie, stanowi g\u0142\u00f3wne wyzwanie dla przyjaznej, wykwalifikowanej i do\u015bwiadczonej kadry pedagogicznej.<\/p>\n<p>&nbsp;<\/p>\n<p>&nbsp;<\/p>\n<p><img loading=\"lazy\" class=\"size-medium wp-image-1598 alignright\" src=\"https:\/\/westsidegroup.home.pl\/wp_teczowakraina\/wp-content\/uploads\/2020\/08\/2020-05-11-11-33-00-1158x900-1-300x233.jpg\" alt=\"\" width=\"300\" height=\"233\" srcset=\"https:\/\/www.e-teczowakraina.pl\/wp-content\/uploads\/2020\/08\/2020-05-11-11-33-00-1158x900-1-300x233.jpg 300w, https:\/\/www.e-teczowakraina.pl\/wp-content\/uploads\/2020\/08\/2020-05-11-11-33-00-1158x900-1-1024x796.jpg 1024w, https:\/\/www.e-teczowakraina.pl\/wp-content\/uploads\/2020\/08\/2020-05-11-11-33-00-1158x900-1-768x597.jpg 768w, https:\/\/www.e-teczowakraina.pl\/wp-content\/uploads\/2020\/08\/2020-05-11-11-33-00-1158x900-1.jpg 1158w\" sizes=\"(max-width: 300px) 100vw, 300px\" \/><\/p>\n<p>Nasza plac\u00f3wka realizuje PROGRAM zgodny z podstaw\u0105 programow\u0105 MEN.<\/p>\n<p>Na podstawie art.82 ust.1 i 3 ustawy z dnia 7 wrze\u015bnia 1991 o systemie o\u015bwiaty (Dz.U. Nr 256\/04\/2572 z p\u00f3\u017an.zm.) Gmina Cieszyn w dniu <u>12 wrze\u015bnia 2012 <\/u>roku dokona\u0142a wpisu do <u>ewidencji szk\u00f3\u0142 i plac\u00f3wek niepublicznych<\/u> <strong>Niepubliczne Przedszkole j\u0119zykowo-artystyczne T\u0119czowa Kraina<\/strong> pod numerem 16\/12.<\/div>[\/vc_column_inner][\/vc_row_inner][vc_row_inner][vc_column_inner]<div  class=\"swmsc_fancy_heading swmsc_fancy_heading_center fh_icon_heart\" style=\"margin-top:40px;margin-bottom:70px;\">\n\t\t\t\t\t\t<div class=\"swmsc_fancy_heading_text\" style=\"font-size:30px;line-height:36px;\">\n\t\t\t\t\t\t\t<span style=\"color: #8373ce;\"><strong>Dlaczego warto wybra\u0107 nasze Przedszkole?<\/strong><\/span>\n\t\t\t\t\t\t\t<div class=\"swmsc_fancy_heading_border\">\n\t\t\t\t\t\t\t\t<span class=\"swmsc_fancy_heading_border1\" style=\"background:#f8b54d;\"><\/span>\n\t\t\t\t\t\t\t\t<span class=\"swmsc_fancy_heading_border2\" style=\"background:#f8b54d;\"><\/span>\n\t\t\t\t\t\t\t\t<span class=\"swmsc_fancy_heading_icon\"><i class=\"fa fa-heart\"  style=\"color:#8373ce;\"><\/i><\/span>\n\t\t\t\t\t\t\t<\/div>\n\t\t\t\t\t\t<\/div>\n\t\t\t\t\t<\/div><div  class=\"swmsc_tabs tabs_vertical tab_align_left\" >\n\t\t\t\t\t\t\t<ul class=\"tab-nav tab-clearfix\"><li style=\"background:#adcb69;color:#ffffff;\" class=\"swmTabIcon\" ><a href=\"#swmsc-tab-1\" style=\"color:#ffffff\"><i class=\"fa fa-graduation-cap\"><\/i>Wysokiej jako\u015bci nauczanie<\/a><span style=\"color:#adcb69\"><i class=\"fa fa-caret-down\"><\/i><\/span><\/li><li style=\"background:#ec4f74;color:#ffffff;\" class=\"swmTabIcon\" ><a href=\"#swmsc-tab-2\" style=\"color:#ffffff\"><i class=\"fa fa-cubes\"><\/i>Wykwalifikowani Nauczyciele<\/a><span style=\"color:#ec4f74\"><i class=\"fa fa-caret-down\"><\/i><\/span><\/li><li style=\"background:#5bc89f;color:#ffffff;\" class=\"swmTabIcon\" ><a href=\"#swmsc-tab-3\" style=\"color:#ffffff\"><i class=\"fa fa-paint-brush\"><\/i>Wyposa\u017cenie<\/a><span style=\"color:#5bc89f\"><i class=\"fa fa-caret-down\"><\/i><\/span><\/li><li style=\"background:#1cc6df;color:#ffffff;\" class=\"swmTabIcon\" ><a href=\"#swmsc-tab-4\" style=\"color:#ffffff\"><i class=\"fa fa-child\"><\/i>Program, zaj\u0119cia i atrakcje<\/a><span style=\"color:#1cc6df\"><i class=\"fa fa-caret-down\"><\/i><\/span><\/li><\/ul>\n\t\t\t\t\t\t\t<div id=\"swmsc-tab-1\" class=\"swmsc_tab\"><div  class=\"swmsc_image_lightbox  image_left\" >\n\n\t\t\t\t\t\t<div class=\"swmsc_image_lightbox_img\"><img alt=\"\" src=\"https:\/\/www.e-teczowakraina.pl\/wp-content\/uploads\/2020\/10\/jakosc.jpg\" class=\"\" style=\"border-radius:0;\" \/><\/div><\/div>\n<h4><span style=\"color: #adcb69;\">Nasza droga nauczania<br \/>\n<\/span><\/h4>\n<p class=\"rtejustify\">Podstaw\u0105 jest dla nas dbanie o przyjazn\u0105 i ciep\u0142\u0105 atmosfer\u0119 oraz komfort pracy zar\u00f3wno dzieci jak i pracownik\u00f3w, bo tylko to gwarantuje prawid\u0142owy rozw\u00f3j emocjonalny i intelektualny dzieci, co zwi\u0119ksza efekty edukacyjne.<\/p>\n<p class=\"rtejustify\">W swojej pracy staramy si\u0119 wykorzystywa\u0107 wszelkie metody i formy pracy, kt\u00f3re wspomagaj\u0105 rozw\u00f3j naszych Wychowank\u00f3w.<\/p>\n<p>Dzi\u0119ki organizacji naszego przedszkola, kt\u00f3ra zak\u0142ada ma\u0142e oko\u0142o 20-to osobowe grupy, nauczyciele maja mo\u017cliwo\u015b\u0107 maksymalnego wykorzystania swojej wiedzy i do\u015bwiadczenia. Mog\u0105 dotrze\u0107 do ka\u017cdego dziecka i zorganizowa\u0107 najlepsz\u0105 dla jego indywidualnych potrzeb, lini\u0119 nauczania i wychowania.<div class=\"clear\"><\/div><\/div><div id=\"swmsc-tab-2\" class=\"swmsc_tab\"><div  class=\"swmsc_image_lightbox  image_left\" >\n\n\t\t\t\t\t\t<div class=\"swmsc_image_lightbox_img\"><img alt=\"\" src=\"https:\/\/www.e-teczowakraina.pl\/wp-content\/uploads\/2020\/11\/kadra.jpg\" class=\"\" style=\"border-radius:0;\" \/><\/div><\/div>\n<h4><span style=\"color: #ec4f74;\">Wykwalifikowana Kadra Pedagogiczna<\/span><\/h4>\n<p>W <strong>T\u0119czowej Krainie<\/strong> kadr\u0119 pedagogiczn\u0105 tworzy zesp\u00f3\u0142 wykszta\u0142conych, m\u0142odych, kreatywnych\u00a0 i pe\u0142nych entuzjazmu nauczycieli. Na sta\u0142e zatrudnionych jest troje nauczycieli posiadaj\u0105cych du\u017c\u0105 wiedz\u0119 oraz do\u015bwiadczenie w pracy z dzie\u0107mi.<\/p>\n<p>Okresowo przyjmujemy r\u00f3wnie\u017c praktykant\u00f3w, w tym charakterze szczeg\u00f3lnie mile widziani s\u0105 studenci ostatnich lat edukacji wczesnoszkolnej i przedszkolnej.<\/p>\n<p>Poza nauczycielami zatrudnionymi na sta\u0142e, w sk\u0142ad zespo\u0142u sprawuj\u0105cego opiek\u0119 nad dzie\u0107mi wchodz\u0105 te\u017c specjali\u015bci z r\u00f3\u017cnych dziedzin m.in.: psycholog, logopeda, stomatolog.<div class=\"clear\"><\/div><\/div><div id=\"swmsc-tab-3\" class=\"swmsc_tab\"><div  class=\"swmsc_image_lightbox  image_left\" >\n\n\t\t\t\t\t\t<div class=\"swmsc_image_lightbox_img\"><img alt=\"\" src=\"https:\/\/www.e-teczowakraina.pl\/wp-content\/uploads\/2020\/10\/wyposazenie.jpg\" class=\"\" style=\"border-radius:0;\" \/><\/div><\/div>\n<h4><span style=\"color: #5bc89f;\">Wyposa\u017cenie w naszym Przedszkolu<br \/>\n<\/span><\/h4>\n<p>Na potrzeby przedszkola przygotowali\u015bmy od podstaw\u00a0 dom wolnostoj\u0105cy o powierzchni niemal 200m2 <u>spe\u0142niaj\u0105cy wymogi bezpiecze\u0144stwa i higieny<\/u> ( Powiatowej Stacji Sanitarno &#8211; Epidemiologicznej oraz Powiatowej Stra\u017cy Po\u017carnej).<\/p>\n<p>Budynek znajduje si\u0119 w spokojnej okolicy w otoczeniu zieleni <u>5 minut od centrum Cieszyna<\/u>. Obiekt otoczony jest <strong>ogrodem<\/strong>, co umo\u017cliwia dzieciom weso\u0142e zabawy na \u015bwie\u017cym powietrzu.<\/p>\n<p>Nasze przedszkole wyposa\u017cone jest w <u>nowoczesne i atrakcyjne pomoce dydaktyczne, zabawki i meble cenionych producent\u00f3w<\/u>, co zapewnia wysok\u0105 jako\u015b\u0107, wszystkie niezb\u0119dne certyfikaty, a przede wszystkim komfort korzystania. Wszystko to gwarantuje <strong>rozwijanie tw\u00f3rczego my\u015blenia<\/strong> i <strong>oddzia\u0142ywanie na wyobra\u017ani\u0119<\/strong> Pa\u0144stwa dzieci, co pozwoli im na <strong>lepsze, szybsze i bezstresowe<\/strong> przygotowanie do nauki w szkole.<div class=\"clear\"><\/div><\/div><div id=\"swmsc-tab-4\" class=\"swmsc_tab\"><div  class=\"swmsc_image_lightbox  image_left\" >\n\n\t\t\t\t\t\t<div class=\"swmsc_image_lightbox_img\"><img alt=\"\" src=\"https:\/\/www.e-teczowakraina.pl\/wp-content\/uploads\/2020\/10\/program.jpg\" class=\"\" style=\"border-radius:0;\" \/><\/div><\/div>\n<h4><span style=\"color: #1cc6df;\">Co dzieci robi\u0105 w naszym Przedszkolu?<br \/>\n<\/span><\/h4>\n<p>Wiek przedszkolny to okres szybkich zmian rozwojowych, maj\u0105cy swe konsekwencje w dalszym \u017cyciu cz\u0142owieka. Wychowanie przedszkolne to czas wspomagania dziecka, czyli tworzenia mu optymalnych warunk\u00f3w rozwoju i czuwania nad kierunkiem zmian. W procesie tym nale\u017cy pomaga\u0107 wychowankowi rozwija\u0107 r\u00f3\u017cnorodne umiej\u0119tno\u015bci, takie jak samodzielno\u015b\u0107, kreatywno\u015b\u0107, umiej\u0119tno\u015b\u0107 dostrzegania problem\u00f3w, planowania i realizowania zada\u0144, kompetencje spo\u0142eczne oraz postawy kszta\u0142towane w relacjach ze \u015brodowiskiem spo\u0142eczno-przyrodniczym i kulturowym.<div class=\"clear\"><\/div><\/div>\n\t\t   \t\t\t\t<\/div><div class=\"clear\"><\/div><div  class=\"clear swmsc_gap\" style=\"margin:100px 0 0 0;\"><\/div>[\/vc_column_inner][\/vc_row_inner]\n\t\t\t\t\t\t\t<div class=\"clear\"><\/div>\n\t\t\t\t\t\t<\/div>\n\t\t\t\t\t<\/div>[\/vc_column][\/vc_row][vc_row][vc_column css=&#8221;.vc_custom_1459665604137{padding: 0px !important;}&#8221;]<div  class=\"swmsc_full_width_section\" style=\" background-color:#197d7a;background-image:url(https:\/\/www.e-teczowakraina.pl\/wp-content\/uploads\/2016\/02\/sample-school-sketch-elements-4.png); background-position:center top; background-repeat: repeat; background-attachment: scroll; background-size: auto;  padding-top:40px; padding-bottom:40px; margin-top:0px; margin-bottom:0px; color:#ffffff; \">\n\t\t\t\t\t\t<div class=\"swmsc_container\">\n\t\t\t\t\t\t\t[vc_row_inner][vc_column_inner]<div  class=\"swmsc_fancy_heading swmsc_fancy_heading_center fh_icon_fancyHeadingNoIcon\" style=\"margin-top:40px;margin-bottom:70px;\">\n\t\t\t\t\t\t<div class=\"swmsc_fancy_heading_text\" style=\"font-size:30px;line-height:36px;\">\n\t\t\t\t\t\t\t<span style=\"color: #ffffff;\"><strong>Opinie Rodzic\u00f3w<\/strong><\/span>\n\t\t\t\t\t\t\t<div class=\"swmsc_fancy_heading_border\">\n\t\t\t\t\t\t\t\t<span class=\"swmsc_fancy_heading_border1\" style=\"background:#f8b54d;\"><\/span>\n\t\t\t\t\t\t\t\t<span class=\"swmsc_fancy_heading_border2\" style=\"background:#f8b54d;\"><\/span>\n\t\t\t\t\t\t\t\t<span class=\"swmsc_fancy_heading_icon\"><i class=\"fa fa-fancyHeadingNoIcon\"  style=\"color:#8373ce;\"><\/i><\/span>\n\t\t\t\t\t\t\t<\/div>\n\t\t\t\t\t\t<\/div>\n\t\t\t\t\t<\/div><div id=\"swmsc-item-entries\" class=\"swmsc_row swmsc_testimonials isotope swmsc_universal_grid_sort\" ><div class=\"swmsc_column swmsc_column2 swmsc_universal_grid swmsc_testimonials_block\">\n\t\t\t\t\t\t\t<div class=\"swmsc_column_gap\">\n\n\t\t\t\t\t\t\t\t<div class=\"swmsc_testimonials_box\">\n\t\t\t\t\t\t\t\t\t<div class=\"swmsc_testimonials_top\"><div class=\"swmsc_testimonials_title\">\n\t\t\t\t\t\t\t\t\t\t\t<h5 style=\"color:#fbb44d; \">Angelika Nalepka<\/h5><\/div><span class=\"swmsc_testimonials_quote\" style=\"color:#fbb44d; \"><i class=\"fa fa-quote-left\"><\/i><\/span><div class=\"clear\"><\/div>\n\t\t\t\t\t \t\t\t\t<\/div>\n\t\t\t\t\t \t\t\t\t<div class=\"swmsc_testimonials_bottom\" style=\"background:#fbb44d;color:#ffffff; \">\n\t\t\t\t\t \t\t\t\t\t<span class=\"swmsc_testimonials_arrow\" style=\"color:#fbb44d; \"><i class=\"fa fa-sort-asc\"><\/i><\/span>\n\t\t\t\t\t \t\t\t\t\t<p><!-- wp:paragraph -->\n<p>Polecam!<\/p>\n<!-- \/wp:paragraph --><\/p>\n\t\t\t\t\t \t\t\t\t\t<div class=\"clear\"><\/div>\n\t\t\t\t\t \t\t\t\t<\/div>\n\t\t\t\t\t \t\t\t\t<div class=\"clear\"><\/div>\n\t\t\t\t\t \t\t\t<\/div>\n\n\t\t\t\t\t \t\t\t<div class=\"clear\"><\/div>\n\t\t\t\t\t \t\t<\/div>\n\t\t\t\t\t \t<\/div><div class=\"swmsc_column swmsc_column2 swmsc_universal_grid swmsc_testimonials_block\">\n\t\t\t\t\t\t\t<div class=\"swmsc_column_gap\">\n\n\t\t\t\t\t\t\t\t<div class=\"swmsc_testimonials_box\">\n\t\t\t\t\t\t\t\t\t<div class=\"swmsc_testimonials_top\"><div class=\"swmsc_testimonials_title\">\n\t\t\t\t\t\t\t\t\t\t\t<h5 style=\"color:#adca69; \">Szyms Kucharczyk<\/h5><\/div><span class=\"swmsc_testimonials_quote\" style=\"color:#adca69; \"><i class=\"fa fa-quote-left\"><\/i><\/span><div class=\"clear\"><\/div>\n\t\t\t\t\t \t\t\t\t<\/div>\n\t\t\t\t\t \t\t\t\t<div class=\"swmsc_testimonials_bottom\" style=\"background:#adca69;color:#ffffff; \">\n\t\t\t\t\t \t\t\t\t\t<span class=\"swmsc_testimonials_arrow\" style=\"color:#adca69; \"><i class=\"fa fa-sort-asc\"><\/i><\/span>\n\t\t\t\t\t \t\t\t\t\t<p><!-- wp:paragraph -->\n<p>Polecam!<\/p>\n<!-- \/wp:paragraph --><\/p>\n\t\t\t\t\t \t\t\t\t\t<div class=\"clear\"><\/div>\n\t\t\t\t\t \t\t\t\t<\/div>\n\t\t\t\t\t \t\t\t\t<div class=\"clear\"><\/div>\n\t\t\t\t\t \t\t\t<\/div>\n\n\t\t\t\t\t \t\t\t<div class=\"clear\"><\/div>\n\t\t\t\t\t \t\t<\/div>\n\t\t\t\t\t \t<\/div><\/div>[\/vc_column_inner][\/vc_row_inner]\n\t\t\t\t\t\t\t<div class=\"clear\"><\/div>\n\t\t\t\t\t\t<\/div>\n\t\t\t\t\t<\/div>[\/vc_column][\/vc_row][vc_row css=&#8221;.vc_custom_1459449116032{padding-top: 60px !important;padding-bottom: 60px !important;}&#8221;][vc_column]<div   >\n\t\t\t\t\t\t<div class=\"swmsc_container\">\n\t\t\t\t\t\t\t[vc_row_inner][vc_column_inner]<div  class=\"swmsc_fancy_heading swmsc_fancy_heading_center fh_icon_thumb-tack\" style=\"margin-top:40px;margin-bottom:70px;\">\n\t\t\t\t\t\t<div class=\"swmsc_fancy_heading_text\" style=\"font-size:30px;line-height:36px;\">\n\t\t\t\t\t\t\t<strong><span style=\"color: #8373ce;\">Umiej\u0119tno\u015bci i do\u015bwiadczenie<\/span><\/strong>\n\t\t\t\t\t\t\t<div class=\"swmsc_fancy_heading_border\">\n\t\t\t\t\t\t\t\t<span class=\"swmsc_fancy_heading_border1\" style=\"background:#f8b54d;\"><\/span>\n\t\t\t\t\t\t\t\t<span class=\"swmsc_fancy_heading_border2\" style=\"background:#f8b54d;\"><\/span>\n\t\t\t\t\t\t\t\t<span class=\"swmsc_fancy_heading_icon\"><i class=\"fa fa-thumb-tack\"  style=\"color:#8373ce;\"><\/i><\/span>\n\t\t\t\t\t\t\t<\/div>\n\t\t\t\t\t\t<\/div>\n\t\t\t\t\t<\/div>[\/vc_column_inner][\/vc_row_inner][vc_row_inner][vc_column_inner width=&#8221;1\/2&#8243;]<div  class=\"swmsc_progress_bar\" >\n\t\t\t\t\t\t<div class=\"swmsc_progress_bar_title\">Zaj\u0119cia j\u0119zykowe<span>90%<\/span><div class=\"clear\"><\/div><\/div>\n\t\t\t\t\t\t<div class=\"swmsc_progress_bar_block\">\n\t\t\t\t\t\t\t<span class=\"swmsc_progress_bar_out swmsc_dark_gradient\" data-width=\"90\" style=\"background-color:#8371d2;\">\n\t\t\t\t\t\t\t\t<span class=\"swmsc_progress_bar_in\"><\/span>\n\t\t\t\t\t\t\t<\/span>\n\t\t\t\t\t\t<\/div>\n\t\t\t\t\t\t<div class=\"clear\"><\/div>\n\t\t\t\t\t<\/div><div  class=\"swmsc_progress_bar\" >\n\t\t\t\t\t\t<div class=\"swmsc_progress_bar_title\">Zaj\u0119cia artystyczne<span>70%<\/span><div class=\"clear\"><\/div><\/div>\n\t\t\t\t\t\t<div class=\"swmsc_progress_bar_block\">\n\t\t\t\t\t\t\t<span class=\"swmsc_progress_bar_out swmsc_dark_gradient\" data-width=\"70\" style=\"background-color:#f67b7a;\">\n\t\t\t\t\t\t\t\t<span class=\"swmsc_progress_bar_in\"><\/span>\n\t\t\t\t\t\t\t<\/span>\n\t\t\t\t\t\t<\/div>\n\t\t\t\t\t\t<div class=\"clear\"><\/div>\n\t\t\t\t\t<\/div><div  class=\"swmsc_progress_bar\" >\n\t\t\t\t\t\t<div class=\"swmsc_progress_bar_title\">Zaj\u0119cia z rytmiki<span>15%<\/span><div class=\"clear\"><\/div><\/div>\n\t\t\t\t\t\t<div class=\"swmsc_progress_bar_block\">\n\t\t\t\t\t\t\t<span class=\"swmsc_progress_bar_out swmsc_dark_gradient\" data-width=\"15\" style=\"background-color:#adca69;\">\n\t\t\t\t\t\t\t\t<span class=\"swmsc_progress_bar_in\"><\/span>\n\t\t\t\t\t\t\t<\/span>\n\t\t\t\t\t\t<\/div>\n\t\t\t\t\t\t<div class=\"clear\"><\/div>\n\t\t\t\t\t<\/div><div  class=\"swmsc_progress_bar\" >\n\t\t\t\t\t\t<div class=\"swmsc_progress_bar_title\">Nauki \u015bcis\u0142e<span>15%<\/span><div class=\"clear\"><\/div><\/div>\n\t\t\t\t\t\t<div class=\"swmsc_progress_bar_block\">\n\t\t\t\t\t\t\t<span class=\"swmsc_progress_bar_out swmsc_dark_gradient\" data-width=\"15\" style=\"background-color:#fbb44d;\">\n\t\t\t\t\t\t\t\t<span class=\"swmsc_progress_bar_in\"><\/span>\n\t\t\t\t\t\t\t<\/span>\n\t\t\t\t\t\t<\/div>\n\t\t\t\t\t\t<div class=\"clear\"><\/div>\n\t\t\t\t\t<\/div>[\/vc_column_inner][vc_column_inner width=&#8221;1\/2&#8243;]<div  class=\"swmsc_progress_bar\" >\n\t\t\t\t\t\t<div class=\"swmsc_progress_bar_title\">Zaj\u0119cia Spo\u0142eczne<span>90%<\/span><div class=\"clear\"><\/div><\/div>\n\t\t\t\t\t\t<div class=\"swmsc_progress_bar_block\">\n\t\t\t\t\t\t\t<span class=\"swmsc_progress_bar_out swmsc_dark_gradient\" data-width=\"90\" style=\"background-color:#8371d2;\">\n\t\t\t\t\t\t\t\t<span class=\"swmsc_progress_bar_in\"><\/span>\n\t\t\t\t\t\t\t<\/span>\n\t\t\t\t\t\t<\/div>\n\t\t\t\t\t\t<div class=\"clear\"><\/div>\n\t\t\t\t\t<\/div><div  class=\"swmsc_progress_bar\" >\n\t\t\t\t\t\t<div class=\"swmsc_progress_bar_title\">Zaj\u0119cia przyrodnicze<span>45%<\/span><div class=\"clear\"><\/div><\/div>\n\t\t\t\t\t\t<div class=\"swmsc_progress_bar_block\">\n\t\t\t\t\t\t\t<span class=\"swmsc_progress_bar_out swmsc_dark_gradient\" data-width=\"45\" style=\"background-color:#f67b7a;\">\n\t\t\t\t\t\t\t\t<span class=\"swmsc_progress_bar_in\"><\/span>\n\t\t\t\t\t\t\t<\/span>\n\t\t\t\t\t\t<\/div>\n\t\t\t\t\t\t<div class=\"clear\"><\/div>\n\t\t\t\t\t<\/div><div  class=\"swmsc_progress_bar\" >\n\t\t\t\t\t\t<div class=\"swmsc_progress_bar_title\">Edukacja zdrowotna<span>80%<\/span><div class=\"clear\"><\/div><\/div>\n\t\t\t\t\t\t<div class=\"swmsc_progress_bar_block\">\n\t\t\t\t\t\t\t<span class=\"swmsc_progress_bar_out swmsc_dark_gradient\" data-width=\"80\" style=\"background-color:#adca69;\">\n\t\t\t\t\t\t\t\t<span class=\"swmsc_progress_bar_in\"><\/span>\n\t\t\t\t\t\t\t<\/span>\n\t\t\t\t\t\t<\/div>\n\t\t\t\t\t\t<div class=\"clear\"><\/div>\n\t\t\t\t\t<\/div><div  class=\"swmsc_progress_bar\" >\n\t\t\t\t\t\t<div class=\"swmsc_progress_bar_title\">Zaj\u0119cia poznawcze<span>85%<\/span><div class=\"clear\"><\/div><\/div>\n\t\t\t\t\t\t<div class=\"swmsc_progress_bar_block\">\n\t\t\t\t\t\t\t<span class=\"swmsc_progress_bar_out swmsc_dark_gradient\" data-width=\"85\" style=\"background-color:#fbb44d;\">\n\t\t\t\t\t\t\t\t<span class=\"swmsc_progress_bar_in\"><\/span>\n\t\t\t\t\t\t\t<\/span>\n\t\t\t\t\t\t<\/div>\n\t\t\t\t\t\t<div class=\"clear\"><\/div>\n\t\t\t\t\t<\/div>[\/vc_column_inner][\/vc_row_inner][vc_row_inner][vc_column_inner]<div  class=\"clear swmsc_gap\" style=\"margin:100px 0 0 0;\"><\/div>[\/vc_column_inner][\/vc_row_inner]\n\t\t\t\t\t\t\t<div class=\"clear\"><\/div>\n\t\t\t\t\t\t<\/div>\n\t\t\t\t\t<\/div>[\/vc_column][\/vc_row][vc_row css=&#8221;.vc_custom_1459665581274{padding: 0px !important;}&#8221;][vc_column css=&#8221;.vc_custom_1459665604137{padding: 0px !important;}&#8221;]<div  class=\"swmsc_full_width_section\" style=\" background-color:#d07dd2;background-image:url(https:\/\/www.e-teczowakraina.pl\/wp-content\/uploads\/2016\/02\/sample-school-sketch-elements-4.png); background-position:center top; background-repeat: repeat; background-attachment: scroll; background-size: auto;  padding-top:20px; padding-bottom:20px; margin-top:0px; margin-bottom:0px; color:#ffffff; \">\n\t\t\t\t\t\t<div class=\"swmsc_container\">\n\t\t\t\t\t\t\t[vc_row_inner][vc_column_inner]<div  class=\"swmsc_promotion_box p_border p_box_default\" style=\"background:;\">\n\t\t\t\t\t\t<div class=\"swmsc_promotion_box_text \">\n\t\t\t\t\t\t\t<div class=\"swmsc_promotion_box_title_text\" style=\"  font-size:30px; color:#ffffff;\">Poznaj nas bli\u017cej!<div class=\"swmsc_promotion_box_sub_title\" style=\"color:#ffffff; font-size:16px;\">Zainteresowa\u0142o Ci\u0119 nasze Przedszkole? Odwied\u017a nas ze swoim maluchem! Zapraszamy! \ud83d\ude42<\/div>\n\t\t\t\t\t\t\t<\/div>\n\t\t\t\t\t\t<\/div><div class=\"swmsc_promotion_box_button\">\n\t\t\t\t\t\t\t\t\t\t\t<a style=\"background:#fcb54d;color:#ffffff;\" href=\"index.php\/kontakt\" class=\"swmsc_button large square skin_color\" target=\"_self\">Zapisz si\u0119 ju\u017c dzi\u015b!<\/a>\n\t\t\t\t\t\t\t\t\t\t<\/div><div class=\"clear\"><\/div>\n\t\t\t\t\t<\/div>[\/vc_column_inner][\/vc_row_inner]\n\t\t\t\t\t\t\t<div class=\"clear\"><\/div>\n\t\t\t\t\t\t<\/div>\n\t\t\t\t\t<\/div>[\/vc_column][\/vc_row][vc_row][vc_column css=&#8221;.vc_custom_1459343931561{padding: 0px !important;}&#8221;]<div   >\n\t\t\t\t\t\t<div class=\"swmsc_container\">\n\t\t\t\t\t\t\t[vc_row_inner][vc_column_inner]<div  class=\"swmsc_fancy_heading swmsc_fancy_heading_center fh_icon_users\" style=\"margin-top:70px;margin-bottom:30px;\">\n\t\t\t\t\t\t<div class=\"swmsc_fancy_heading_text\" style=\"font-size:30px;line-height:36px;\">\n\t\t\t\t\t\t\t<strong><span style=\"color: #8373ce;\">Poznaj nasz Zesp\u00f3\u0142<\/span><\/strong>\n\t\t\t\t\t\t\t<div class=\"swmsc_fancy_heading_border\">\n\t\t\t\t\t\t\t\t<span class=\"swmsc_fancy_heading_border1\" style=\"background:#f8b54d;\"><\/span>\n\t\t\t\t\t\t\t\t<span class=\"swmsc_fancy_heading_border2\" style=\"background:#f8b54d;\"><\/span>\n\t\t\t\t\t\t\t\t<span class=\"swmsc_fancy_heading_icon\"><i class=\"fa fa-users\"  style=\"color:#8373ce;\"><\/i><\/span>\n\t\t\t\t\t\t\t<\/div>\n\t\t\t\t\t\t<\/div>\n\t\t\t\t\t<\/div><div  class=\"swmsc_text_block\" > \n<p style=\"text-align: center;\">W naszym Przedszkolu pracuj\u0105 osoby z do\u015bwiadczeniem w pracy z dzie\u0107mi, potrafi\u0105ce odnale\u017a\u0107 z nimi wsp\u00f3lny j\u0119zyk i pom\u00f3c im wydoby\u0107 z siebie najlepsze cechy, a tak\u017ce nauczy\u0107 wszystkiego co jest dla nich niezb\u0119dne, jednocze\u015bnie przygotowuj\u0105c do dalszej edukacji.<\/p>\n<\/div><div  class=\"clear swmsc_gap\" style=\"margin:70px 0 0 0;\"><\/div>[\/vc_column_inner][\/vc_row_inner][vc_row_inner][vc_column_inner width=&#8221;1\/2&#8243;]\n<div  class=\"swmsc_team_members clientImage_left tm_bg_gray\" ><div class=\"swmsc_team_img\">\n\t\t\t\t\t\t\t\t\t\t\t<img src=\"https:\/\/www.e-teczowakraina.pl\/wp-content\/uploads\/2024\/11\/5_male.jpg\" alt=\"\">\n\t\t\t\t\t\t\t\t\t\t<\/div><div class=\"swmsc_team_content\">\n\t\t\t\t\t\t\t<div class=\"swmsc_team_content_holder\"><div class=\"swmsc_team_arrow\"><span><i class=\"fa fa-caret-left\"><\/i><\/span><\/div><div class=\"swmsc_team_title\">\n\t\t\t\t\t\t\t\t\t<h5 style=\"color:#f47c7c;\">Aleksandra Brawa\u0144ska<\/h5>\n\t\t\t\t\t\t\t\t\t<span>Dyrektor, Nauczyciel<\/span>\n\t\t\t\t\t\t\t\t<\/div>\n\t\t\t\t\t\t\t\t<div class=\"swmsc_team_text\">\n\t\t\t\t\t\t\t\t\t Nauczyciel j\u0119zyka angielskiego i pedagog z du\u017cym do\u015bwiadczeniem, lubi\u0105cy prac\u0119 z dzie\u0107mi i nowe wyzwania.<\/p>\n<p>Opiekun przedszkola i wsparcie wychowawcze w ka\u017cdej sytuacji.<\/p>\n<div  class=\"swmsc_sm_icons_sc\" >\n\t\t\t\t\t\t<ul>\n\t\t\t\t\t\t\t\u00a0 <li class=\"swmsc_sm_icons_li\"><a href=\"#\" class=\"tipUp\" title=\"Facebook\" target=\"_self\" style=\"background:#8373ce;color:#ffffff;\"><i class=\"fa fa-facebook\"><\/i><\/a><\/li>\n\t\t\t\t\t\t<\/ul>\n\t\t\t\t\t\t<div class=\"clear\"><\/div>\n\t\t\t\t\t<\/div>\n\t\t\t\t\t\t\t\t<\/div>\n\t\t\t\t\t\t\t<\/div>\n\t\t\t\t\t\t<\/div>\n\t\t\t\t\t\t<div class=\"clear\"><\/div>\n\t\t\t\t\t<\/div>\n<div  class=\"swmsc_team_members clientImage_left tm_bg_gray\" ><div class=\"swmsc_team_img\">\n\t\t\t\t\t\t\t\t\t\t\t<img src=\"https:\/\/www.e-teczowakraina.pl\/wp-content\/uploads\/2024\/01\/teacher.jpg\" alt=\"\">\n\t\t\t\t\t\t\t\t\t\t<\/div><div class=\"swmsc_team_content\">\n\t\t\t\t\t\t\t<div class=\"swmsc_team_content_holder\"><div class=\"swmsc_team_arrow\"><span><i class=\"fa fa-caret-left\"><\/i><\/span><\/div><div class=\"swmsc_team_title\">\n\t\t\t\t\t\t\t\t\t<h5 style=\"color:#84bed6;\">Tomasz Brawa\u0144ski<\/h5>\n\t\t\t\t\t\t\t\t\t<span>Logopeda i neurologopeda, koordynator opieki psychologiczno-pedagogicznej w przedszkolu<\/span>\n\t\t\t\t\t\t\t\t<\/div>\n\t\t\t\t\t\t\t\t<div class=\"swmsc_team_text\">\n\t\t\t\t\t\t\t\t\t\n<p>Pedagog z du\u017cym do\u015bwiadczeniem, pracownik Poradni Psychologiczno \u2013 Pedagogicznej w Cieszynie. Wieloletni wyk\u0142adowca Uniwersytetu \u015al\u0105skiego w Katowicach \u00a0w zakresie logopedii .\u00a0 Praktyk, lubi\u0105cy prac\u0119 z dzie\u0107mi.<\/p>\n<div  class=\"swmsc_sm_icons_sc\" >\n\t\t\t\t\t\t<ul>\n\t\t\t\t\t\t\t <li class=\"swmsc_sm_icons_li\"><a href=\"#\" class=\"tipUp\" title=\"Facebook\" target=\"_self\" style=\"background:#8373ce;color:#ffffff;\"><i class=\"fa fa-facebook\"><\/i><\/a><\/li> \n\t\t\t\t\t\t<\/ul>\n\t\t\t\t\t\t<div class=\"clear\"><\/div>\n\t\t\t\t\t<\/div>\n\t\t\t\t\t\t\t\t<\/div>\n\t\t\t\t\t\t\t<\/div>\n\t\t\t\t\t\t<\/div>\n\t\t\t\t\t\t<div class=\"clear\"><\/div>\n\t\t\t\t\t<\/div>\n<div  class=\"swmsc_team_members clientImage_left tm_bg_gray\" ><div class=\"swmsc_team_img\">\n\t\t\t\t\t\t\t\t\t\t\t<img src=\"https:\/\/www.e-teczowakraina.pl\/wp-content\/uploads\/2024\/11\/1_male.jpg\" alt=\"\">\n\t\t\t\t\t\t\t\t\t\t<\/div><div class=\"swmsc_team_content\">\n\t\t\t\t\t\t\t<div class=\"swmsc_team_content_holder\"><div class=\"swmsc_team_arrow\"><span><i class=\"fa fa-caret-left\"><\/i><\/span><\/div><div class=\"swmsc_team_title\">\n\t\t\t\t\t\t\t\t\t<h5 style=\"color:#f47c7c;\">mgr Monika Kope\u0107<\/h5>\n\t\t\t\t\t\t\t\t\t<span>Nauczyciel<\/span>\n\t\t\t\t\t\t\t\t<\/div>\n\t\t\t\t\t\t\t\t<div class=\"swmsc_team_text\">\n\t\t\t\t\t\t\t\t\t\n<p>Praca z dzie\u0107mi jest dla mnie bardzo fascynuj\u0105ca, daje du\u017co satysfakcji, pozwala mi spogl\u0105da\u0107 na \u015bwiat ich oczami. Dzie\u0144 staje si\u0119 w\u00f3wczas kolorowy, pe\u0142en t\u0119czowych barw i samych s\u0142odkich chwil. Dzi\u0119ki przedszkolakom moje &#8222;wewn\u0119trzne dziecko&#8221; jest wci\u0105\u017c aktywne, pe\u0142ne energii, niezaspokojonej ciekawo\u015bci oraz ch\u0119ci do zabawy.<\/p>\n<div  class=\"swmsc_sm_icons_sc\" >\n\t\t\t\t\t\t<ul>\n\t\t\t\t\t\t\t\u00a0 <li class=\"swmsc_sm_icons_li\"><a href=\"#\" class=\"tipUp\" title=\"Facebook\" target=\"_self\" style=\"background:#8373ce;color:#ffffff;\"><i class=\"fa fa-facebook\"><\/i><\/a><\/li>\n\t\t\t\t\t\t<\/ul>\n\t\t\t\t\t\t<div class=\"clear\"><\/div>\n\t\t\t\t\t<\/div>\n\t\t\t\t\t\t\t\t<\/div>\n\t\t\t\t\t\t\t<\/div>\n\t\t\t\t\t\t<\/div>\n\t\t\t\t\t\t<div class=\"clear\"><\/div>\n\t\t\t\t\t<\/div>\n<div  class=\"swmsc_team_members clientImage_left tm_bg_gray\" ><div class=\"swmsc_team_img\">\n\t\t\t\t\t\t\t\t\t\t\t<img src=\"https:\/\/www.e-teczowakraina.pl\/wp-content\/uploads\/2024\/01\/Klaudia.jpg\" alt=\"\">\n\t\t\t\t\t\t\t\t\t\t<\/div><div class=\"swmsc_team_content\">\n\t\t\t\t\t\t\t<div class=\"swmsc_team_content_holder\"><div class=\"swmsc_team_arrow\"><span><i class=\"fa fa-caret-left\"><\/i><\/span><\/div><div class=\"swmsc_team_title\">\n\t\t\t\t\t\t\t\t\t<h5 style=\"color:#f47c7c;\">Klaudia Macholc<\/h5>\n\t\t\t\t\t\t\t\t\t<span>Nauczyciel<\/span>\n\t\t\t\t\t\t\t\t<\/div>\n\t\t\t\t\t\t\t\t<div class=\"swmsc_team_text\">\n\t\t\t\t\t\t\t\t\t\n<p>Pani Klaudia chod\u017a jest m\u0142oda<br \/>\nto pomys\u0142\u00f3w ca\u0142a g\u0142owa.<br \/>\nU\u015bmiechy dzieciom rozdaje i pomaga im wytrwale.<br \/>\nGdy potrzeba to pocieszy, no bo uwielbia swe dzieci.<br \/>\nZnajdzie czas na nauk par\u0119 i rzecz jasna na zabaw\u0119.<br \/>\nZdj\u0119cia ciekawe robi, bo si\u0119 nudy bardzo boi.<\/p>\n<div  class=\"swmsc_sm_icons_sc\" >\n\t\t\t\t\t\t<ul>\n\t\t\t\t\t\t\t\u00a0 <li class=\"swmsc_sm_icons_li\"><a href=\"#\" class=\"tipUp\" title=\"Facebook\" target=\"_self\" style=\"background:#8373ce;color:#ffffff;\"><i class=\"fa fa-facebook\"><\/i><\/a><\/li>\n\t\t\t\t\t\t<\/ul>\n\t\t\t\t\t\t<div class=\"clear\"><\/div>\n\t\t\t\t\t<\/div>\n\t\t\t\t\t\t\t\t<\/div>\n\t\t\t\t\t\t\t<\/div>\n\t\t\t\t\t\t<\/div>\n\t\t\t\t\t\t<div class=\"clear\"><\/div>\n\t\t\t\t\t<\/div>\n<div  class=\"swmsc_team_members clientImage_left tm_bg_gray\" ><div class=\"swmsc_team_img\">\n\t\t\t\t\t\t\t\t\t\t\t<img src=\"https:\/\/www.e-teczowakraina.pl\/wp-content\/uploads\/2024\/11\/3_male.jpg\" alt=\"\">\n\t\t\t\t\t\t\t\t\t\t<\/div><div class=\"swmsc_team_content\">\n\t\t\t\t\t\t\t<div class=\"swmsc_team_content_holder\"><div class=\"swmsc_team_arrow\"><span><i class=\"fa fa-caret-left\"><\/i><\/span><\/div><div class=\"swmsc_team_title\">\n\t\t\t\t\t\t\t\t\t<h5 style=\"color:#f47c7c;\">mgr Marcelina Hanzel-Omrani<\/h5>\n\t\t\t\t\t\t\t\t\t<span>Specjalista, nauczyciel<\/span>\n\t\t\t\t\t\t\t\t<\/div>\n\t\t\t\t\t\t\t\t<div class=\"swmsc_team_text\">\n\t\t\t\t\t\t\t\t\t\n<p>Jestem psychologiem z d\u0142ugoletnim do\u015bwiadczeniem. Specjalizuje si\u0119 w pracy z dziecmi w wieku od 0 do 7 lat. Najwa\u017cniejsza dla mnie jest indywidualizacja procesu terapeutycznego,w kt\u00f3rym nie wyobra\u017cam sobie pracy bez rodzicow. Tylko wsp\u00f3lne porozumienie poparte moimi wskaz\u00f3wkami i odpowiednio dobranymi metodami mo\u017ce wp\u0142yna\u0107 na popraw\u0119 w strukturze rodziny, a potem innych systemach. Patrz\u0119 wszechstronnie i holistycznie na system rodziny, gdy\u017c od niego zale\u017cy dobrostan ma\u0142ego cz\u0142owieka. Pracuje w nurcie bliskosci i relacji.<\/p>\n<div  class=\"swmsc_sm_icons_sc\" >\n\t\t\t\t\t\t<ul>\n\t\t\t\t\t\t\t\u00a0 <li class=\"swmsc_sm_icons_li\"><a href=\"#\" class=\"tipUp\" title=\"Facebook\" target=\"_self\" style=\"background:#8373ce;color:#ffffff;\"><i class=\"fa fa-facebook\"><\/i><\/a><\/li>\n\t\t\t\t\t\t<\/ul>\n\t\t\t\t\t\t<div class=\"clear\"><\/div>\n\t\t\t\t\t<\/div>\n\t\t\t\t\t\t\t\t<\/div>\n\t\t\t\t\t\t\t<\/div>\n\t\t\t\t\t\t<\/div>\n\t\t\t\t\t\t<div class=\"clear\"><\/div>\n\t\t\t\t\t<\/div>\n<div  class=\"swmsc_team_members clientImage_left tm_bg_gray\" ><div class=\"swmsc_team_img\">\n\t\t\t\t\t\t\t\t\t\t\t<img src=\"https:\/\/www.e-teczowakraina.pl\/wp-content\/uploads\/2024\/11\/4_male.jpg\" alt=\"\">\n\t\t\t\t\t\t\t\t\t\t<\/div><div class=\"swmsc_team_content\">\n\t\t\t\t\t\t\t<div class=\"swmsc_team_content_holder\"><div class=\"swmsc_team_arrow\"><span><i class=\"fa fa-caret-left\"><\/i><\/span><\/div><div class=\"swmsc_team_title\">\n\t\t\t\t\t\t\t\t\t<h5 style=\"color:#f47c7c;\">mgr Iga Maciejczyk-W\u0119glorz<\/h5>\n\t\t\t\t\t\t\t\t\t<span>Specjalista<\/span>\n\t\t\t\t\t\t\t\t<\/div>\n\t\t\t\t\t\t\t\t<div class=\"swmsc_team_text\">\n\t\t\t\t\t\t\t\t\t\n<p>Oligofrenopedagog, Nauczyciel zintegrowanej edukacji wczesnoszkolnej i wychowania przedszkolnego, Terapeuta zaj\u0119ciowy, Terapeuta integracji sensorycznej<\/p>\n<p>Od pocz\u0105tku pracy zawodowej jestem zwi\u0105zana z dzie\u0107mi ze specjalnymi potrzebami edukacyjnymi, to w\u0142a\u015bnie z nimi szybko nawi\u0105zuje ni\u0107 porozumienia. W swojej pracy stawiam na samodzielno\u015b\u0107, komunikacj\u0119 oraz zaanga\u017cowanie dziecka. Podczas zaj\u0119\u0107 terapeutycznych poprzez kreatywn\u0105 zabaw\u0119 osi\u0105gamy drobne i wielkie sukcesy.<\/p>\n<p>Najwa\u017cniejsze kursy i szkolenia, kt\u00f3re uko\u0144czy\u0142am to:<\/p>\n<p>&#8211; Trening Umiej\u0119tno\u015bci Spo\u0142ecznych<br \/>\n&#8211; Terapia R\u0119ki<br \/>\n&#8211; Pierwszy stopie\u0144 j\u0119zyka migowego PJM<br \/>\n&#8211; Szkolenie PECS<br \/>\n&#8211; Jak nauczy\u0107 porozumiewania si\u0119 dzieci, kt\u00f3re chcia\u0142yby m\u00f3wi\u0107, ale nie mog\u0105? (Szkolenie \u2013 AAC)<br \/>\n&#8211; Ruch rozwijaj\u0105cy metoda W.Sherborne<\/p>\n<div  class=\"swmsc_sm_icons_sc\" >\n\t\t\t\t\t\t<ul>\n\t\t\t\t\t\t\t\u00a0 <li class=\"swmsc_sm_icons_li\"><a href=\"#\" class=\"tipUp\" title=\"Facebook\" target=\"_self\" style=\"background:#8373ce;color:#ffffff;\"><i class=\"fa fa-facebook\"><\/i><\/a><\/li>\n\t\t\t\t\t\t<\/ul>\n\t\t\t\t\t\t<div class=\"clear\"><\/div>\n\t\t\t\t\t<\/div>\n\t\t\t\t\t\t\t\t<\/div>\n\t\t\t\t\t\t\t<\/div>\n\t\t\t\t\t\t<\/div>\n\t\t\t\t\t\t<div class=\"clear\"><\/div>\n\t\t\t\t\t<\/div>\n[\/vc_column_inner][vc_column_inner width=&#8221;1\/2&#8243;]<div  class=\"swmsc_team_members clientImage_left tm_bg_gray\" ><div class=\"swmsc_team_img\">\n\t\t\t\t\t\t\t\t\t\t\t<img src=\"https:\/\/www.e-teczowakraina.pl\/wp-content\/uploads\/2024\/11\/6_male.jpg\" alt=\"\">\n\t\t\t\t\t\t\t\t\t\t<\/div><div class=\"swmsc_team_content\">\n\t\t\t\t\t\t\t<div class=\"swmsc_team_content_holder\"><div class=\"swmsc_team_arrow\"><span><i class=\"fa fa-caret-left\"><\/i><\/span><\/div><div class=\"swmsc_team_title\">\n\t\t\t\t\t\t\t\t\t<h5 style=\"color:#84bed6;\">Jacek Brawa\u0144ski<\/h5>\n\t\t\t\t\t\t\t\t\t<span>Terapeuta Integracji Sensorycznej<\/span>\n\t\t\t\t\t\t\t\t<\/div>\n\t\t\t\t\t\t\t\t<div class=\"swmsc_team_text\">\n\t\t\t\t\t\t\t\t\t\n<p>Jestem terapeut\u0105 integracji sensorycznej z wykszta\u0142ceniem zdobytym na Akademii Wychowania Fizycznego w Krakowie oraz podyplomowymi studiami w zakresie integracji sensorycznej. Pomagam dzieciom rozwija\u0107 umiej\u0119tno\u015bci przetwarzania bod\u017ac\u00f3w sensorycznych, co wspiera ich rozw\u00f3j emocjonalny i spo\u0142eczny. Uwielbiam sport, co przek\u0142ada si\u0119 na moj\u0105 pasj\u0119 do aktywno\u015bci fizycznej i zdrowego stylu \u017cycia. Moim celem jest stworzenie przyjaznej atmosfery, w kt\u00f3rej ka\u017cde dziecko mo\u017ce odkrywa\u0107 swoje mo\u017cliwo\u015bci i czu\u0107 si\u0119 bezpiecznie.<\/p>\n<div  class=\"swmsc_sm_icons_sc\" >\n\t\t\t\t\t\t<ul>\n\t\t\t\t\t\t\t <li class=\"swmsc_sm_icons_li\"><a href=\"#\" class=\"tipUp\" title=\"Facebook\" target=\"_self\" style=\"background:#8373ce;color:#ffffff;\"><i class=\"fa fa-facebook\"><\/i><\/a><\/li> \n\t\t\t\t\t\t<\/ul>\n\t\t\t\t\t\t<div class=\"clear\"><\/div>\n\t\t\t\t\t<\/div>\n\t\t\t\t\t\t\t\t<\/div>\n\t\t\t\t\t\t\t<\/div>\n\t\t\t\t\t\t<\/div>\n\t\t\t\t\t\t<div class=\"clear\"><\/div>\n\t\t\t\t\t<\/div>\n<div  class=\"swmsc_team_members clientImage_left tm_bg_gray\" ><div class=\"swmsc_team_img\">\n\t\t\t\t\t\t\t\t\t\t\t<img src=\"https:\/\/www.e-teczowakraina.pl\/wp-content\/uploads\/2024\/11\/2_male.jpg\" alt=\"\">\n\t\t\t\t\t\t\t\t\t\t<\/div><div class=\"swmsc_team_content\">\n\t\t\t\t\t\t\t<div class=\"swmsc_team_content_holder\"><div class=\"swmsc_team_arrow\"><span><i class=\"fa fa-caret-left\"><\/i><\/span><\/div><div class=\"swmsc_team_title\">\n\t\t\t\t\t\t\t\t\t<h5 style=\"color:#d66e9f;\">Anita Ka\u0142u\u017ca<\/h5>\n\t\t\t\t\t\t\t\t\t<span>mgr fizjoterapii<\/span>\n\t\t\t\t\t\t\t\t<\/div>\n\t\t\t\t\t\t\t\t<div class=\"swmsc_team_text\">\n\t\t\t\t\t\t\t\t\t\n<p>\u0141\u0105cz\u0119 wiedz\u0119, umiej\u0119tno\u015bci i do\u015bwiadczenie z zakresu rehabilitacji ruchowej co w skuteczny i bezpieczny spos\u00f3b pozwala mi pomaga\u0107 dzieciom z r\u00f3\u017cnego rodzaju zaburzeniami funkcjonowania narz\u0105du ruchu.<br \/>\nDokonuj\u0105c oceny sprawno\u015bci fizycznej dzieci i wdra\u017caja\u0107 odpowiedni\u0105 terapi\u0119 ruchow\u0105 uwielbiam obserwowa\u0107 jak dzieci osi\u0105gaj\u0105 \u015bwietne rezultaty.<\/p>\n<div  class=\"swmsc_sm_icons_sc\" >\n\t\t\t\t\t\t<ul>\n\t\t\t\t\t\t\t\u00a0 <li class=\"swmsc_sm_icons_li\"><a href=\"#\" class=\"tipUp\" title=\"Facebook\" target=\"_self\" style=\"background:#8373ce;color:#ffffff;\"><i class=\"fa fa-facebook\"><\/i><\/a><\/li> \n\t\t\t\t\t\t<\/ul>\n\t\t\t\t\t\t<div class=\"clear\"><\/div>\n\t\t\t\t\t<\/div>\n\t\t\t\t\t\t\t\t<\/div>\n\t\t\t\t\t\t\t<\/div>\n\t\t\t\t\t\t<\/div>\n\t\t\t\t\t\t<div class=\"clear\"><\/div>\n\t\t\t\t\t<\/div>\n<div  class=\"swmsc_team_members clientImage_left tm_bg_gray\" ><div class=\"swmsc_team_img\">\n\t\t\t\t\t\t\t\t\t\t\t<img src=\"https:\/\/www.e-teczowakraina.pl\/wp-content\/uploads\/2020\/10\/SD.jpg\" alt=\"\">\n\t\t\t\t\t\t\t\t\t\t<\/div><div class=\"swmsc_team_content\">\n\t\t\t\t\t\t\t<div class=\"swmsc_team_content_holder\"><div class=\"swmsc_team_arrow\"><span><i class=\"fa fa-caret-left\"><\/i><\/span><\/div><div class=\"swmsc_team_title\">\n\t\t\t\t\t\t\t\t\t<h5 style=\"color:#d66e9f;\">Izabela G\u0105siorowska<\/h5>\n\t\t\t\t\t\t\t\t\t<span>Nauczyciel<\/span>\n\t\t\t\t\t\t\t\t<\/div>\n\t\t\t\t\t\t\t\t<div class=\"swmsc_team_text\">\n\t\t\t\t\t\t\t\t\tPani Iza jest kochana, dobra, mi\u0142a &#8211; tak jak Mama!<br \/>\nCz\u0119sto si\u0119 u\u015bmiecha, rzadko nas gani.<br \/>\nNie grozi z ni\u0105 nam nuda, jak trzeba to uda nawet wielkoluda!<br \/>\nKa\u017cdy zuch to wie, \u017ce pani Iza z ch\u0119ci\u0105 przytuli si\u0119!<br \/>\nA przy okazji zrobi foteczk\u0119, by dzieci mia\u0142y \u015bliczn\u0105 pami\u0105teczk\u0119!<\/p>\n<div  class=\"swmsc_sm_icons_sc\" >\n\t\t\t\t\t\t<ul>\n\t\t\t\t\t\t\t <li class=\"swmsc_sm_icons_li\"><a href=\"#\" class=\"tipUp\" title=\"Facebook\" target=\"_self\" style=\"background:#8373ce;color:#ffffff;\"><i class=\"fa fa-facebook\"><\/i><\/a><\/li> \n\t\t\t\t\t\t<\/ul>\n\t\t\t\t\t\t<div class=\"clear\"><\/div>\n\t\t\t\t\t<\/div>\n\t\t\t\t\t\t\t\t<\/div>\n\t\t\t\t\t\t\t<\/div>\n\t\t\t\t\t\t<\/div>\n\t\t\t\t\t\t<div class=\"clear\"><\/div>\n\t\t\t\t\t<\/div>\n<div  class=\"swmsc_team_members clientImage_left tm_bg_gray\" ><div class=\"swmsc_team_img\">\n\t\t\t\t\t\t\t\t\t\t\t<img src=\"https:\/\/www.e-teczowakraina.pl\/wp-content\/uploads\/2025\/04\/Justyna-Pyszny_small.jpg\" alt=\"\">\n\t\t\t\t\t\t\t\t\t\t<\/div><div class=\"swmsc_team_content\">\n\t\t\t\t\t\t\t<div class=\"swmsc_team_content_holder\"><div class=\"swmsc_team_arrow\"><span><i class=\"fa fa-caret-left\"><\/i><\/span><\/div><div class=\"swmsc_team_title\">\n\t\t\t\t\t\t\t\t\t<h5 style=\"color:#f47c7c;\">Justyna Pyszny<\/h5>\n\t\t\t\t\t\t\t\t\t<span>Muzykoterapeuta i asystent nauczyciela<\/span>\n\t\t\t\t\t\t\t\t<\/div>\n\t\t\t\t\t\t\t\t<div class=\"swmsc_team_text\">\n\t\t\t\t\t\t\t\t\t\n<p>Jestem muzykoterapeut\u0105 oraz asystentem nauczyciecial. W swojej pracy wykorzystuj\u0119 muzyk\u0119, by pomaga\u0107 maluchom w rozwoju emocjonalnym, spo\u0142ecznym i poznawczym. Jestem r\u00f3wnie\u017c mam\u0105 i rozumiem, jak wa\u017cne jest odpowiednie wsparcie w tym etapie \u017cycia, dlatego staram si\u0119 towarzyszy\u0107 ka\u017cdemu dziecku w jego indywidualnej drodze.<\/p>\n<div  class=\"swmsc_sm_icons_sc\" >\n\t\t\t\t\t\t<ul>\n\t\t\t\t\t\t\t\u00a0 <li class=\"swmsc_sm_icons_li\"><a href=\"#\" class=\"tipUp\" title=\"Facebook\" target=\"_self\" style=\"background:#8373ce;color:#ffffff;\"><i class=\"fa fa-facebook\"><\/i><\/a><\/li>\n\t\t\t\t\t\t<\/ul>\n\t\t\t\t\t\t<div class=\"clear\"><\/div>\n\t\t\t\t\t<\/div>\n\t\t\t\t\t\t\t\t<\/div>\n\t\t\t\t\t\t\t<\/div>\n\t\t\t\t\t\t<\/div>\n\t\t\t\t\t\t<div class=\"clear\"><\/div>\n\t\t\t\t\t<\/div>\n<div  class=\"swmsc_team_members clientImage_left tm_bg_gray\" ><div class=\"swmsc_team_img\">\n\t\t\t\t\t\t\t\t\t\t\t<img src=\"https:\/\/www.e-teczowakraina.pl\/wp-content\/uploads\/2026\/02\/8ov5MEv3.jpg\" alt=\"\">\n\t\t\t\t\t\t\t\t\t\t<\/div><div class=\"swmsc_team_content\">\n\t\t\t\t\t\t\t<div class=\"swmsc_team_content_holder\"><div class=\"swmsc_team_arrow\"><span><i class=\"fa fa-caret-left\"><\/i><\/span><\/div><div class=\"swmsc_team_title\">\n\t\t\t\t\t\t\t\t\t<h5 style=\"color:#f47c7c;\">Gabriela G\u00f3rniok<\/h5>\n\t\t\t\t\t\t\t\t\t<span>Asystent nauczyciela<\/span>\n\t\t\t\t\t\t\t\t<\/div>\n\t\t\t\t\t\t\t\t<div class=\"swmsc_team_text\">\n\t\t\t\t\t\t\t\t\t\n<p>Ka\u017cdego dnia pomagam dzieciom w ich codziennych obowi\u0105zkach,<br \/>\naby dzie\u0144 w przedszkolu sp\u0119dzili z u\u015bmiechem na twarzy.<br \/>\nNajwa\u017cniejsze jest dobro i u\u015bmiech dziecka.<br \/>\nPomagam oraz wspieram inne Panie w ich codziennych obowiazkach.<br \/>\nJestem mam\u0105 dw\u00f3jki c\u00f3rek i dlatego wiem,<br \/>\n\u017ce u\u015bmiechni\u0119te dziecko to szcz\u0119\u015bliwe dziecko.<\/p>\n<div  class=\"swmsc_sm_icons_sc\" >\n\t\t\t\t\t\t<ul>\n\t\t\t\t\t\t\t\u00a0 <li class=\"swmsc_sm_icons_li\"><a href=\"#\" class=\"tipUp\" title=\"Facebook\" target=\"_self\" style=\"background:#8373ce;color:#ffffff;\"><i class=\"fa fa-facebook\"><\/i><\/a><\/li>\n\t\t\t\t\t\t<\/ul>\n\t\t\t\t\t\t<div class=\"clear\"><\/div>\n\t\t\t\t\t<\/div>\n\t\t\t\t\t\t\t\t<\/div>\n\t\t\t\t\t\t\t<\/div>\n\t\t\t\t\t\t<\/div>\n\t\t\t\t\t\t<div class=\"clear\"><\/div>\n\t\t\t\t\t<\/div>\n<div  class=\"swmsc_team_members clientImage_left tm_bg_gray\" ><div class=\"swmsc_team_img\">\n\t\t\t\t\t\t\t\t\t\t\t<img src=\"https:\/\/www.e-teczowakraina.pl\/wp-content\/uploads\/2026\/02\/3FJ42Yfe.jpg\" alt=\"\">\n\t\t\t\t\t\t\t\t\t\t<\/div><div class=\"swmsc_team_content\">\n\t\t\t\t\t\t\t<div class=\"swmsc_team_content_holder\"><div class=\"swmsc_team_arrow\"><span><i class=\"fa fa-caret-left\"><\/i><\/span><\/div><div class=\"swmsc_team_title\">\n\t\t\t\t\t\t\t\t\t<h5 style=\"color:#f47c7c;\">Julia \u0141abaj<\/h5>\n\t\t\t\t\t\t\t\t\t<span><\/span>\n\t\t\t\t\t\t\t\t<\/div>\n\t\t\t\t\t\t\t\t<div class=\"swmsc_team_text\">\n\t\t\t\t\t\t\t\t\t\n<p>Nazywam si\u0119 Julka i jestem m\u0142od\u0105, pe\u0142n\u0105 energii studentk\u0105 psychologii.<br \/>\nPraca z dzie\u0107mi to dla mnie prawdziwa pasja.<br \/>\nKa\u017cdego dnia czerpi\u0119 rado\u015b\u0107 ze wspierania dzieci<br \/>\nw ich rozwoju \u2013 pomagania im w odkrywaniu \u015bwiata,<br \/>\nnauce i budowaniu pewno\u015bci siebie<\/p>\n<div  class=\"swmsc_sm_icons_sc\" >\n\t\t\t\t\t\t<ul>\n\t\t\t\t\t\t\t\u00a0 <li class=\"swmsc_sm_icons_li\"><a href=\"#\" class=\"tipUp\" title=\"Facebook\" target=\"_self\" style=\"background:#8373ce;color:#ffffff;\"><i class=\"fa fa-facebook\"><\/i><\/a><\/li>\n\t\t\t\t\t\t<\/ul>\n\t\t\t\t\t\t<div class=\"clear\"><\/div>\n\t\t\t\t\t<\/div>\n\t\t\t\t\t\t\t\t<\/div>\n\t\t\t\t\t\t\t<\/div>\n\t\t\t\t\t\t<\/div>\n\t\t\t\t\t\t<div class=\"clear\"><\/div>\n\t\t\t\t\t<\/div>\n<div  class=\"swmsc_team_members clientImage_left tm_bg_gray\" ><div class=\"swmsc_team_img\">\n\t\t\t\t\t\t\t\t\t\t\t<img src=\"https:\/\/www.e-teczowakraina.pl\/wp-content\/uploads\/2026\/02\/eBBcdwqy.jpg\" alt=\"\">\n\t\t\t\t\t\t\t\t\t\t<\/div><div class=\"swmsc_team_content\">\n\t\t\t\t\t\t\t<div class=\"swmsc_team_content_holder\"><div class=\"swmsc_team_arrow\"><span><i class=\"fa fa-caret-left\"><\/i><\/span><\/div><div class=\"swmsc_team_title\">\n\t\t\t\t\t\t\t\t\t<h5 style=\"color:#f47c7c;\">Karolina Skura\u015b<\/h5>\n\t\t\t\t\t\t\t\t\t<span><\/span>\n\t\t\t\t\t\t\t\t<\/div>\n\t\t\t\t\t\t\t\t<div class=\"swmsc_team_text\">\n\t\t\t\t\t\t\t\t\t\n<p>W pracy pedagogicznej kieruj\u0119 si\u0119 mottem Janusza Korczaka:<br \/>\n&#8222;nie ma dzieci &#8211; s\u0105 ludzie&#8221;.<br \/>\nUwielbiam przebywa\u0107 w towarzystwie dzieci<br \/>\ni uczy\u0107 si\u0119 od nich wytrwa\u0142o\u015bci w d\u0105\u017ceniu do wyznaczonego celu.<br \/>\nJako mama dw\u00f3jki dzieci, doskonale rozumiem perspektyw\u0119 rodzic\u00f3w,<br \/>\nuto\u017csamiam si\u0119 z ich troskami, nadziejami i potrzebami.<br \/>\nJestem absolwentk\u0105 pedagogiki wczesnoszkolnej i przedszkolnej<br \/>\nna Uniwersytecie \u015al\u0105skim oraz logopedii.<br \/>\nStaram si\u0119 na bie\u017c\u0105co aktualizowa\u0107 sw\u00f3j warsztat pracy.<br \/>\nRegularnie uczestnicz\u0119 w szkoleniach, kursach oraz webinarach,<br \/>\naby oferowa\u0107 dzieciom wsparcie oparte na aktualnej wiedzy.<\/p>\n<div  class=\"swmsc_sm_icons_sc\" >\n\t\t\t\t\t\t<ul>\n\t\t\t\t\t\t\t\u00a0 <li class=\"swmsc_sm_icons_li\"><a href=\"#\" class=\"tipUp\" title=\"Facebook\" target=\"_self\" style=\"background:#8373ce;color:#ffffff;\"><i class=\"fa fa-facebook\"><\/i><\/a><\/li>\n\t\t\t\t\t\t<\/ul>\n\t\t\t\t\t\t<div class=\"clear\"><\/div>\n\t\t\t\t\t<\/div>\n\t\t\t\t\t\t\t\t<\/div>\n\t\t\t\t\t\t\t<\/div>\n\t\t\t\t\t\t<\/div>\n\t\t\t\t\t\t<div class=\"clear\"><\/div>\n\t\t\t\t\t<\/div>\n<p>&nbsp;<\/p>\n[\/vc_column_inner][\/vc_row_inner][vc_row_inner][vc_column_inner]<div  class=\"clear swmsc_gap\" style=\"margin:30px 0 0 0;\"><\/div>[\/vc_column_inner][\/vc_row_inner]\n\t\t\t\t\t\t\t<div class=\"clear\"><\/div>\n\t\t\t\t\t\t<\/div>\n\t\t\t\t\t<\/div>[\/vc_column][\/vc_row]\n","protected":false},"excerpt":{"rendered":"<p>&nbsp; [vc_row][vc_column][\/vc_column][\/vc_row][vc_row][vc_column css=&#8221;.vc_custom_1459665604137{padding: 0px !important;}&#8221;][\/vc_column][\/vc_row][vc_row css=&#8221;.vc_custom_1459449116032{padding-top: 60px !important;padding-bottom: 60px !important;}&#8221;][vc_column][\/vc_column][\/vc_row][vc_row css=&#8221;.vc_custom_1459665581274{padding: 0px !important;}&#8221;][vc_column css=&#8221;.vc_custom_1459665604137{padding: 0px !important;}&#8221;][\/vc_column][\/vc_row][vc_row][vc_column css=&#8221;.vc_custom_1459343931561{padding: 0px !important;}&#8221;][\/vc_column][\/vc_row]<\/p>\n","protected":false},"author":1,"featured_media":1593,"parent":0,"menu_order":0,"comment_status":"closed","ping_status":"closed","template":"templates\/100-width.php","meta":[],"_links":{"self":[{"href":"https:\/\/www.e-teczowakraina.pl\/index.php\/wp-json\/wp\/v2\/pages\/1028"}],"collection":[{"href":"https:\/\/www.e-teczowakraina.pl\/index.php\/wp-json\/wp\/v2\/pages"}],"about":[{"href":"https:\/\/www.e-teczowakraina.pl\/index.php\/wp-json\/wp\/v2\/types\/page"}],"author":[{"embeddable":true,"href":"https:\/\/www.e-teczowakraina.pl\/index.php\/wp-json\/wp\/v2\/users\/1"}],"replies":[{"embeddable":true,"href":"https:\/\/www.e-teczowakraina.pl\/index.php\/wp-json\/wp\/v2\/comments?post=1028"}],"version-history":[{"count":77,"href":"https:\/\/www.e-teczowakraina.pl\/index.php\/wp-json\/wp\/v2\/pages\/1028\/revisions"}],"predecessor-version":[{"id":3148,"href":"https:\/\/www.e-teczowakraina.pl\/index.php\/wp-json\/wp\/v2\/pages\/1028\/revisions\/3148"}],"wp:featuredmedia":[{"embeddable":true,"href":"https:\/\/www.e-teczowakraina.pl\/index.php\/wp-json\/wp\/v2\/media\/1593"}],"wp:attachment":[{"href":"https:\/\/www.e-teczowakraina.pl\/index.php\/wp-json\/wp\/v2\/media?parent=1028"}],"curies":[{"name":"wp","href":"https:\/\/api.w.org\/{rel}","templated":true}]}}